{"id":386,"date":"2023-03-06T16:43:04","date_gmt":"2023-03-06T16:43:04","guid":{"rendered":"https:\/\/hotelriez.be\/art-deco\/"},"modified":"2023-03-20T15:50:15","modified_gmt":"2023-03-20T15:50:15","slug":"art-deco","status":"publish","type":"page","link":"https:\/\/hotelriez.be\/fr\/art-deco\/","title":{"rendered":"Ext\u00e9rieur"},"content":{"rendered":"<p>[et_pb_section fb_built=\u00a0\u00bb1&Prime; admin_label=\u00a0\u00bbsection\u00a0\u00bb _builder_version=\u00a0\u00bb4.20.0&Prime; use_background_color_gradient=\u00a0\u00bbon\u00a0\u00bb background_color_gradient_stops=\u00a0\u00bbrgba(60,60,59,0.6) 0px|rgba(60,60,59,0.1) 100px\u00a0\u00bb background_color_gradient_unit=\u00a0\u00bbpx\u00a0\u00bb background_color_gradient_overlays_image=\u00a0\u00bbon\u00a0\u00bb background_image=\u00a0\u00bbhttps:\/\/hotelriez.be\/wp-content\/uploads\/2023\/03\/BG-Pattern.png\u00a0\u00bb background_size=\u00a0\u00bbinitial\u00a0\u00bb background_repeat=\u00a0\u00bbrepeat\u00a0\u00bb global_colors_info=\u00a0\u00bb{}\u00a0\u00bb][et_pb_row _builder_version=\u00a0\u00bb4.20.0&Prime; _module_preset=\u00a0\u00bbdefault\u00a0\u00bb global_colors_info=\u00a0\u00bb{}\u00a0\u00bb][et_pb_column type=\u00a0\u00bb4_4&Prime; _builder_version=\u00a0\u00bb4.20.0&Prime; _module_preset=\u00a0\u00bbdefault\u00a0\u00bb global_colors_info=\u00a0\u00bb{}\u00a0\u00bb][et_pb_image src=\u00a0\u00bbhttps:\/\/hotelriez.be\/wp-content\/uploads\/2023\/03\/Logo-HotelRiez.png\u00a0\u00bb title_text=\u00a0\u00bbLogo-H\u00f4tel-Riez\u00a0\u00bb align=\u00a0\u00bbcenter\u00a0\u00bb _builder_version=\u00a0\u00bb4.20.0&Prime; _module_preset=\u00a0\u00bbdefault\u00a0\u00bb width=\u00a0\u00bb60%\u00a0\u00bb global_colors_info=\u00a0\u00bb{}\u00a0\u00bb][\/et_pb_image][\/et_pb_column][\/et_pb_row][et_pb_row _builder_version=\u00a0\u00bb4.20.0&Prime; _module_preset=\u00a0\u00bbdefault\u00a0\u00bb background_image=\u00a0\u00bbhttps:\/\/hotelriez.be\/wp-content\/uploads\/2023\/03\/Gouden-lijn-menu.png\u00a0\u00bb width=\u00a0\u00bb100%\u00a0\u00bb max_width=\u00a0\u00bb100%\u00a0\u00bb global_colors_info=\u00a0\u00bb{}\u00a0\u00bb][et_pb_column type=\u00a0\u00bb4_4&Prime; _builder_version=\u00a0\u00bb4.20.0&Prime; _module_preset=\u00a0\u00bbdefault\u00a0\u00bb global_colors_info=\u00a0\u00bb{}\u00a0\u00bb][et_pb_menu menu_style=\u00a0\u00bbcentered\u00a0\u00bb dropdown_menu_bg_color=\u00a0\u00bb#FFFFFF\u00a0\u00bb dropdown_menu_line_color=\u00a0\u00bb#B59858&Prime; dropdown_menu_text_color=\u00a0\u00bb#B59858&Prime; dropdown_menu_active_link_color=\u00a0\u00bb#B59858&Prime; mobile_menu_bg_color=\u00a0\u00bb#FFFFFF\u00a0\u00bb mobile_menu_text_color=\u00a0\u00bb#B59858&Prime; cart_icon_color=\u00a0\u00bb#FFFFFF\u00a0\u00bb search_icon_color=\u00a0\u00bb#FFFFFF\u00a0\u00bb menu_icon_color=\u00a0\u00bb#FFFFFF\u00a0\u00bb _builder_version=\u00a0\u00bb4.20.0&Prime; _module_preset=\u00a0\u00bbdefault\u00a0\u00bb menu_font=\u00a0\u00bb|700||on|||||\u00a0\u00bb menu_text_color=\u00a0\u00bb#FFFFFF\u00a0\u00bb menu_font_size=\u00a0\u00bb18px\u00a0\u00bb background_color=\u00a0\u00bb#B59858&Prime; width=\u00a0\u00bb80%\u00a0\u00bb max_width=\u00a0\u00bb1080px\u00a0\u00bb module_alignment=\u00a0\u00bbcenter\u00a0\u00bb border_radii=\u00a0\u00bbon|15px|15px|15px|15px\u00a0\u00bb global_colors_info=\u00a0\u00bb{}\u00a0\u00bb][\/et_pb_menu][\/et_pb_column][\/et_pb_row][et_pb_row column_structure=\u00a0\u00bb1_2,1_2&Prime; use_custom_gutter=\u00a0\u00bbon\u00a0\u00bb gutter_width=\u00a0\u00bb1&Prime; disabled_on=\u00a0\u00bbon|on|off\u00a0\u00bb _builder_version=\u00a0\u00bb4.20.0&Prime; _module_preset=\u00a0\u00bbdefault\u00a0\u00bb background_color=\u00a0\u00bb#FEFDEF\u00a0\u00bb custom_margin=\u00a0\u00bb0px||||false|false\u00a0\u00bb custom_padding=\u00a0\u00bb0px||||false|false\u00a0\u00bb global_colors_info=\u00a0\u00bb{}\u00a0\u00bb][et_pb_column type=\u00a0\u00bb1_2&Prime; _builder_version=\u00a0\u00bb4.20.0&Prime; _module_preset=\u00a0\u00bbdefault\u00a0\u00bb custom_css_main_element=\u00a0\u00bbwidth: 25%!important\u00a0\u00bb global_colors_info=\u00a0\u00bb{}\u00a0\u00bb][et_pb_image src=\u00a0\u00bbhttps:\/\/hotelriez.be\/wp-content\/uploads\/2023\/03\/art-deco.jpg\u00a0\u00bb title_text=\u00a0\u00bbart d\u00e9co\u00a0\u00bb _builder_version=\u00a0\u00bb4.20.0&Prime; _module_preset=\u00a0\u00bbdefault\u00a0\u00bb width=\u00a0\u00bb120%\u00a0\u00bb custom_margin=\u00a0\u00bb15%|||-20%|false|false\u00a0\u00bb box_shadow_style=\u00a0\u00bbpreset2&Prime; global_colors_info=\u00a0\u00bb{}\u00a0\u00bb][\/et_pb_image][et_pb_text _builder_version=\u00a0\u00bb4.20.0&Prime; _module_preset=\u00a0\u00bbdefault\u00a0\u00bb custom_margin=\u00a0\u00bb15%|||20px|false|false\u00a0\u00bb hover_enabled=\u00a0\u00bb0&Prime; global_colors_info=\u00a0\u00bb{}\u00a0\u00bb sticky_enabled=\u00a0\u00bb0&Prime;]<\/p>\n<p style=\"text-align: right;\">Papier \u00e0 en-t\u00eate de la Compagnie industrielle du Rupel, 1938. Les bureaux sont situ\u00e9s boulevard du Jubil\u00e9 88 tandis que le magasin principal et les d\u00e9p\u00f4ts se trouvent \u00e0 proximit\u00e9 du canal. Collection de l\u2019auteur.  <\/p>\n<p>[\/et_pb_text][\/et_pb_column][et_pb_column type=\u00a0\u00bb1_2&Prime; _builder_version=\u00a0\u00bb4.20.0&Prime; _module_preset=\u00a0\u00bbdefault\u00a0\u00bb custom_padding=\u00a0\u00bb|||5%|false|false\u00a0\u00bb custom_css_main_element=\u00a0\u00bbwidth: 75%!important\u00a0\u00bb global_colors_info=\u00a0\u00bb{}\u00a0\u00bb][et_pb_image src=\u00a0\u00bbhttps:\/\/hotelriez.be\/wp-content\/uploads\/2023\/03\/gevels.png\u00a0\u00bb title_text=\u00a0\u00bbfa\u00e7ades\u00a0\u00bb align=\u00a0\u00bbright\u00a0\u00bb force_fullwidth=\u00a0\u00bbon\u00a0\u00bb _builder_version=\u00a0\u00bb4.20.0&Prime; _module_preset=\u00a0\u00bbdefault\u00a0\u00bb custom_margin=\u00a0\u00bb||||false|false\u00a0\u00bb custom_padding=\u00a0\u00bb||||false|false\u00a0\u00bb global_colors_info=\u00a0\u00bb{}\u00a0\u00bb][\/et_pb_image][et_pb_divider show_divider=\u00a0\u00bboff\u00a0\u00bb _builder_version=\u00a0\u00bb4.20.0&Prime; _module_preset=\u00a0\u00bbdefault\u00a0\u00bb global_colors_info=\u00a0\u00bb{}\u00a0\u00bb][\/et_pb_divider][et_pb_divider show_divider=\u00a0\u00bboff\u00a0\u00bb _builder_version=\u00a0\u00bb4.20.0&Prime; _module_preset=\u00a0\u00bbdefault\u00a0\u00bb global_colors_info=\u00a0\u00bb{}\u00a0\u00bb][\/et_pb_divider][et_pb_text _builder_version=\u00a0\u00bb4.20.0&Prime; _module_preset=\u00a0\u00bbdefault\u00a0\u00bb header_font_size=\u00a0\u00bb42px\u00a0\u00bb header_letter_spacing=\u00a0\u00bb1px\u00a0\u00bb header_line_height=\u00a0\u00bb1.2em\u00a0\u00bb global_colors_info=\u00a0\u00bb{}\u00a0\u00bb]<\/p>\n<h1>ART D\u00c9CO ?<\/h1>\n<p>[\/et_pb_text][\/et_pb_column][\/et_pb_row][et_pb_row column_structure=\u00a0\u00bb1_3,1_3,1_3&Prime; use_custom_gutter=\u00a0\u00bbon\u00a0\u00bb disabled_on=\u00a0\u00bbon|on|off\u00a0\u00bb _builder_version=\u00a0\u00bb4.20.0&Prime; _module_preset=\u00a0\u00bbdefault\u00a0\u00bb background_color=\u00a0\u00bb#FEFDEF\u00a0\u00bb global_colors_info=\u00a0\u00bb{}\u00a0\u00bb][et_pb_column type=\u00a0\u00bb1_3&Prime; _builder_version=\u00a0\u00bb4.20.0&Prime; _module_preset=\u00a0\u00bbdefault\u00a0\u00bb custom_css_main_element=\u00a0\u00bbwidth: 20%!important\u00a0\u00bb global_colors_info=\u00a0\u00bb{}\u00a0\u00bb][\/et_pb_column][et_pb_column type=\u00a0\u00bb1_3&Prime; _builder_version=\u00a0\u00bb4.20.0&Prime; _module_preset=\u00a0\u00bbdefault\u00a0\u00bb custom_css_main_element=\u00a0\u00bbwidth: 30%!important\u00a0\u00bb global_colors_info=\u00a0\u00bb{}\u00a0\u00bb][et_pb_text _builder_version=\u00a0\u00bb4.20.0&Prime; _module_preset=\u00a0\u00bbdefault\u00a0\u00bb global_colors_info=\u00a0\u00bb{}\u00a0\u00bb]<\/p>\n<p>L\u2019h\u00f4tel Riez est un parfait exemple d\u2019Art D\u00e9co \u00e0 Bruxelles. Perp\u00e9tuant la veine d\u00e9corative de l\u2019Art nouveau, l\u2019Art D\u00e9co est, par excellence, le style architectural et d\u00e9coratif de l\u2019entredeux- guerres. Avec ses multiples sources d\u2019inspiration, ses formes stylis\u00e9es et souvent g\u00e9om\u00e9triques, l\u2019Art D\u00e9co est synonyme de luxe et de raffinement. Le terme \u00ab Art D\u00e9co \u00bb sera adopt\u00e9 dans les ann\u00e9es 1960, en r\u00e9f\u00e9rence \u00e0 l\u2019Exposition internationale des Arts d\u00e9coratifs et industriels modernes tenue \u00e0 Paris en 1925, qui constitue l\u2019apog\u00e9e de ce style architectural et marque les d\u00e9buts de son essaimage dans le monde entier.    <\/p>\n<p>\u00c0 l\u2019angle du boulevard du Jubil\u00e9 et de l\u2019avenue Henri Hollevoet se d\u00e9ploie l\u2019h\u00f4tel Riez. C\u00f4t\u00e9 avenue Henri Hollevoet, il est pr\u00e9c\u00e9d\u00e9 d\u2019un jardinet, tout comme les deux maisons voisines des num\u00e9ros 3 et 5, construites au m\u00eame moment. Les piliers de cl\u00f4ture associent pierre blanche et briques orang\u00e9es. S\u2019y ancrent des grilles en fer forg\u00e9 aux motifs g\u00e9om\u00e9triques et spiral\u00e9s. La signature de l\u2019architecte est reprise dans le muret, au niveau de l\u2019entr\u00e9e principale de l\u2019h\u00f4tel particulier.    L\u2019ensemble des fa\u00e7ades sur soubassement en pierre bleue et associant pierre blanche et briques orang\u00e9es est anim\u00e9 par les saillies d\u2019un oriel et de logettes dispos\u00e9es \u00e0 intervalles r\u00e9guliers. C\u00f4t\u00e9 boulevard du Jubil\u00e9, la fa\u00e7ade s\u2019ach\u00e8ve par une entr\u00e9e s\u00e9par\u00e9e, officiellement r\u00e9serv\u00e9e aux bureaux de la Compagnie industrielle du Rupel mais qui, par un escalier, donne \u00e9galement acc\u00e8s \u00e0 un appartement pr\u00e9vu sous les combles. La trav\u00e9e associ\u00e9e \u00e0 cet acc\u00e8s se prolonge par une lucarne pignon. Ces deux trav\u00e9es ind\u00e9pendantes sugg\u00e8rent l\u2019id\u00e9e d\u2019un b\u00e2timent s\u00e9par\u00e9 de l\u2019h\u00f4tel particulier, principe qui ne se traduit pas dans les plans.  <\/p>\n<p>[\/et_pb_text][\/et_pb_column][et_pb_column type=\u00a0\u00bb1_3&Prime; _builder_version=\u00a0\u00bb4.20.0&Prime; _module_preset=\u00a0\u00bbdefault\u00a0\u00bb custom_css_main_element=\u00a0\u00bbwidth: 30%!important\u00a0\u00bb global_colors_info=\u00a0\u00bb{}\u00a0\u00bb][et_pb_text _builder_version=\u00a0\u00bb4.20.0&Prime; _module_preset=\u00a0\u00bbdefault\u00a0\u00bb global_colors_info=\u00a0\u00bb{}\u00a0\u00bb]<\/p>\n<p>Avenue Henri Hollevoet, une porte de garage et un acc\u00e8s de service rappellent qu\u2019il s\u2019agit ici d\u2019une construction de prestige destin\u00e9e \u00e0 un ma\u00eetre de maison se d\u00e9pla\u00e7ant d\u00e9sormais en automobile et ayant \u00e0 son service du personnel domestique, dont certainement un chauffeur. Partout, les menuiseries d\u2019origine, avec leurs divisions \u00e0 petit bois int\u00e9grant des vitraux d\u00e9coratifs, ont \u00e9t\u00e9 pr\u00e9serv\u00e9es. Le second \u00e9tage est sous toiture mansard\u00e9e couverte d\u2019ardoises. \u00c0 l\u2019angle, la toiture est surmont\u00e9e d\u2019une monumentale toiture pavillon sous pinacle qui n\u2019est pas sans annoncer le pavillon d\u2019acc\u00e8s \u00e0 l\u2019H\u00f4pital Saint-Pierre (architecte Jean-Baptiste Dewin, 1925- 1935), \u00e0 l\u2019angle de la rue Haute et de la rue des Faisans (Bruxelles).  Bien s\u00fbr, c\u2019est le traitement de cet angle qui attire notre regard, et pas seulement par sa toiture. L\u2019entr\u00e9e de l\u2019h\u00f4tel particulier est reprise dans un pan coup\u00e9 \u00e0 l\u2019angle des deux voiries et pr\u00e9c\u00e9d\u00e9 d\u2019une courette jardinet. Elle est soulign\u00e9e par un l\u00e9ger auvent de pierre qui repose de chaque c\u00f4t\u00e9 sur trois pilastres \u00e9tablis en recul progressif et dans les consoles desquels figurent d\u2019\u00e9tranges oiseaux, parmi lesquels on reconna\u00eet un p\u00e9lican et un aigle. La d\u00e9termination du volatile central reste plus d\u00e9licate. La porte d\u2019entr\u00e9e est prot\u00e9g\u00e9e par des grilles dans lesquelles figurent des hippocampes affront\u00e9s. Au-dessus de l\u2019entr\u00e9e, une logette, dont la console se termine par deux mascarons sculpt\u00e9s, flanqu\u00e9e de deux pilastres dont les chapiteaux repr\u00e9sentent des couples de colombes dans un d\u00e9cor de fleurs stylis\u00e9es.     <\/p>\n<p>Avenue Henri Hollevoet 3 et 5, les deux maisons de rapport sont compos\u00e9es des m\u00eames mat\u00e9riaux que le b\u00e2timent principal. Leurs trav\u00e9es principales se prolongent par des lucarnes pignons trap\u00e9zo\u00efdaux. Les entr\u00e9es jumel\u00e9es sous un auvent commun se fondant dans les logettes du rez-de-chauss\u00e9e de m\u00eame que la composition en miroir sugg\u00e8rent un b\u00e2timent unique plut\u00f4t que deux constructions jumel\u00e9es et conf\u00e8rent une certaine monumentalit\u00e9 \u00e0 ces deux fa\u00e7ades.  <\/p>\n<p>[\/et_pb_text][\/et_pb_column][\/et_pb_row][et_pb_row column_structure=\u00a0\u00bb1_3,2_3&Prime; make_equal=\u00a0\u00bbon\u00a0\u00bb disabled_on=\u00a0\u00bbon|on|off\u00a0\u00bb _builder_version=\u00a0\u00bb4.20.0&Prime; _module_preset=\u00a0\u00bbdefault\u00a0\u00bb background_color=\u00a0\u00bb#FEFDEF\u00a0\u00bb global_colors_info=\u00a0\u00bb{}\u00a0\u00bb][et_pb_column type=\u00a0\u00bb1_3&Prime; _builder_version=\u00a0\u00bb4.20.0&Prime; _module_preset=\u00a0\u00bbdefault\u00a0\u00bb custom_css_main_element=\u00a0\u00bbwidth: 20%!important;||margin-top:auto;||margin-bottom:auto;\u00a0\u00bb global_colors_info=\u00a0\u00bb{}\u00a0\u00bb][et_pb_text _builder_version=\u00a0\u00bb4.20.0&Prime; _module_preset=\u00a0\u00bbdefault\u00a0\u00bb custom_margin=\u00a0\u00bb|||20px|false|false\u00a0\u00bb global_colors_info=\u00a0\u00bb{}\u00a0\u00bb]<\/p>\n<p style=\"text-align: right;\">D\u00e9tail des trois oiseaux sculpt\u00e9s \u00e0 l\u2019entr\u00e9e de l\u2019h\u00f4tel Riez.<\/p>\n<p>[\/et_pb_text][\/et_pb_column][et_pb_column type=\u00a0\u00bb2_3&Prime; _builder_version=\u00a0\u00bb4.20.0&Prime; _module_preset=\u00a0\u00bbdefault\u00a0\u00bb global_colors_info=\u00a0\u00bb{}\u00a0\u00bb][et_pb_image src=\u00a0\u00bbhttps:\/\/hotelriez.be\/wp-content\/uploads\/2023\/03\/gevel.jpg\u00a0\u00bb title_text=\u00a0\u00bbfa\u00e7ade\u00a0\u00bb _builder_version=\u00a0\u00bb4.20.0&Prime; _module_preset=\u00a0\u00bbdefault\u00a0\u00bb global_colors_info=\u00a0\u00bb{}\u00a0\u00bb][\/et_pb_image][\/et_pb_column][\/et_pb_row][et_pb_row disabled_on=\u00a0\u00bboff|off|on\u00a0\u00bb _builder_version=\u00a0\u00bb4.20.0&Prime; _module_preset=\u00a0\u00bbdefault\u00a0\u00bb background_color=\u00a0\u00bb#FEFDEF\u00a0\u00bb custom_margin=\u00a0\u00bb||||false|false\u00a0\u00bb custom_padding=\u00a0\u00bb|5%||5%|false|true\u00a0\u00bb global_colors_info=\u00a0\u00bb{}\u00a0\u00bb][et_pb_column type=\u00a0\u00bb4_4&Prime; _builder_version=\u00a0\u00bb4.20.0&Prime; _module_preset=\u00a0\u00bbdefault\u00a0\u00bb global_colors_info=\u00a0\u00bb{}\u00a0\u00bb][et_pb_image src=\u00a0\u00bbhttps:\/\/hotelriez.be\/wp-content\/uploads\/2023\/03\/gevels.png\u00a0\u00bb title_text=\u00a0\u00bbfa\u00e7ades\u00a0\u00bb _builder_version=\u00a0\u00bb4.20.0&Prime; _module_preset=\u00a0\u00bbdefault\u00a0\u00bb global_colors_info=\u00a0\u00bb{}\u00a0\u00bb][\/et_pb_image][et_pb_text _builder_version=\u00a0\u00bb4.20.0&Prime; _module_preset=\u00a0\u00bbdefault\u00a0\u00bb global_colors_info=\u00a0\u00bb{}\u00a0\u00bb]<\/p>\n<h1>ART D\u00c9CO ?<\/h1>\n<p>[\/et_pb_text][et_pb_text _builder_version=\u00a0\u00bb4.20.0&Prime; _module_preset=\u00a0\u00bbdefault\u00a0\u00bb global_colors_info=\u00a0\u00bb{}\u00a0\u00bb]<\/p>\n<p>L\u2019h\u00f4tel Riez est un parfait exemple d\u2019Art D\u00e9co \u00e0 Bruxelles. Perp\u00e9tuant la veine d\u00e9corative de l\u2019Art nouveau, l\u2019Art D\u00e9co est, par excellence, le style architectural et d\u00e9coratif de l\u2019entredeux- guerres. Avec ses multiples sources d\u2019inspiration, ses formes stylis\u00e9es et souvent g\u00e9om\u00e9triques, l\u2019Art D\u00e9co est synonyme de luxe et de raffinement. Le terme \u00ab Art D\u00e9co \u00bb sera adopt\u00e9 dans les ann\u00e9es 1960, en r\u00e9f\u00e9rence \u00e0 l\u2019Exposition internationale des Arts d\u00e9coratifs et industriels modernes tenue \u00e0 Paris en 1925, qui constitue l\u2019apog\u00e9e de ce style architectural et marque les d\u00e9buts de son essaimage dans le monde entier.    <\/p>\n<p>\u00c0 l\u2019angle du boulevard du Jubil\u00e9 et de l\u2019avenue Henri Hollevoet se d\u00e9ploie l\u2019h\u00f4tel Riez. C\u00f4t\u00e9 avenue Henri Hollevoet, il est pr\u00e9c\u00e9d\u00e9 d\u2019un jardinet, tout comme les deux maisons voisines des num\u00e9ros 3 et 5, construites au m\u00eame moment. Les piliers de cl\u00f4ture associent pierre blanche et briques orang\u00e9es. S\u2019y ancrent des grilles en fer forg\u00e9 aux motifs g\u00e9om\u00e9triques et spiral\u00e9s. La signature de l\u2019architecte est reprise dans le muret, au niveau de l\u2019entr\u00e9e principale de l\u2019h\u00f4tel particulier.    L\u2019ensemble des fa\u00e7ades sur soubassement en pierre bleue et associant pierre blanche et briques orang\u00e9es est anim\u00e9 par les saillies d\u2019un oriel et de logettes dispos\u00e9es \u00e0 intervalles r\u00e9guliers. C\u00f4t\u00e9 boulevard du Jubil\u00e9, la fa\u00e7ade s\u2019ach\u00e8ve par une entr\u00e9e s\u00e9par\u00e9e, officiellement r\u00e9serv\u00e9e aux bureaux de la Compagnie industrielle du Rupel mais qui, par un escalier, donne \u00e9galement acc\u00e8s \u00e0 un appartement pr\u00e9vu sous les combles. La trav\u00e9e associ\u00e9e \u00e0 cet acc\u00e8s se prolonge par une lucarne pignon. Ces deux trav\u00e9es ind\u00e9pendantes sugg\u00e8rent l\u2019id\u00e9e d\u2019un b\u00e2timent s\u00e9par\u00e9 de l\u2019h\u00f4tel particulier, principe qui ne se traduit pas dans les plans.  <\/p>\n<p>[\/et_pb_text][et_pb_image src=\u00a0\u00bbhttps:\/\/hotelriez.be\/wp-content\/uploads\/2023\/03\/gevel.jpg\u00a0\u00bb title_text=\u00a0\u00bbfa\u00e7ade\u00a0\u00bb _builder_version=\u00a0\u00bb4.20.0&Prime; _module_preset=\u00a0\u00bbdefault\u00a0\u00bb global_colors_info=\u00a0\u00bb{}\u00a0\u00bb][\/et_pb_image][et_pb_text _builder_version=\u00a0\u00bb4.20.0&Prime; _module_preset=\u00a0\u00bbdefault\u00a0\u00bb custom_margin=\u00a0\u00bb|||20px|false|false\u00a0\u00bb global_colors_info=\u00a0\u00bb{}\u00a0\u00bb]<\/p>\n<p style=\"text-align: right;\">D\u00e9tail des trois oiseaux sculpt\u00e9s \u00e0 l\u2019entr\u00e9e de l\u2019h\u00f4tel Riez.<\/p>\n<p>[\/et_pb_text][et_pb_text _builder_version=\u00a0\u00bb4.20.0&Prime; _module_preset=\u00a0\u00bbdefault\u00a0\u00bb global_colors_info=\u00a0\u00bb{}\u00a0\u00bb]<\/p>\n<p>Avenue Henri Hollevoet, une porte de garage et un acc\u00e8s de service rappellent qu\u2019il s\u2019agit ici d\u2019une construction de prestige destin\u00e9e \u00e0 un ma\u00eetre de maison se d\u00e9pla\u00e7ant d\u00e9sormais en automobile et ayant \u00e0 son service du personnel domestique, dont certainement un chauffeur. Partout, les menuiseries d\u2019origine, avec leurs divisions \u00e0 petit bois int\u00e9grant des vitraux d\u00e9coratifs, ont \u00e9t\u00e9 pr\u00e9serv\u00e9es. Le second \u00e9tage est sous toiture mansard\u00e9e couverte d\u2019ardoises. \u00c0 l\u2019angle, la toiture est surmont\u00e9e d\u2019une monumentale toiture pavillon sous pinacle qui n\u2019est pas sans annoncer le pavillon d\u2019acc\u00e8s \u00e0 l\u2019H\u00f4pital Saint-Pierre (architecte Jean-Baptiste Dewin, 1925- 1935), \u00e0 l\u2019angle de la rue Haute et de la rue des Faisans (Bruxelles).  Bien s\u00fbr, c\u2019est le traitement de cet angle qui attire notre regard, et pas seulement par sa toiture. L\u2019entr\u00e9e de l\u2019h\u00f4tel particulier est reprise dans un pan coup\u00e9 \u00e0 l\u2019angle des deux voiries et pr\u00e9c\u00e9d\u00e9 d\u2019une courette jardinet. Elle est soulign\u00e9e par un l\u00e9ger auvent de pierre qui repose de chaque c\u00f4t\u00e9 sur trois pilastres \u00e9tablis en recul progressif et dans les consoles desquels figurent d\u2019\u00e9tranges oiseaux, parmi lesquels on reconna\u00eet un p\u00e9lican et un aigle. La d\u00e9termination du volatile central reste plus d\u00e9licate. La porte d\u2019entr\u00e9e est prot\u00e9g\u00e9e par des grilles dans lesquelles figurent des hippocampes affront\u00e9s. Au-dessus de l\u2019entr\u00e9e, une logette, dont la console se termine par deux mascarons sculpt\u00e9s, flanqu\u00e9e de deux pilastres dont les chapiteaux repr\u00e9sentent des couples de colombes dans un d\u00e9cor de fleurs stylis\u00e9es.     <\/p>\n<p>Avenue Henri Hollevoet 3 et 5, les deux maisons de rapport sont compos\u00e9es des m\u00eames mat\u00e9riaux que le b\u00e2timent principal. Leurs trav\u00e9es principales se prolongent par des lucarnes pignons trap\u00e9zo\u00efdaux. Les entr\u00e9es jumel\u00e9es sous un auvent commun se fondant dans les logettes du rez-de-chauss\u00e9e de m\u00eame que la composition en miroir sugg\u00e8rent un b\u00e2timent unique plut\u00f4t que deux constructions jumel\u00e9es et conf\u00e8rent une certaine monumentalit\u00e9 \u00e0 ces deux fa\u00e7ades.  <\/p>\n<p>[\/et_pb_text][\/et_pb_column][\/et_pb_row][\/et_pb_section]<\/p>\n","protected":false},"excerpt":{"rendered":"<p>Papier \u00e0 en-t\u00eate de la Compagnie industrielle du Rupel, 1938. Les bureaux sont situ\u00e9s boulevard du Jubil\u00e9 88 tandis que le magasin principal et les d\u00e9p\u00f4ts se trouvent \u00e0 proximit\u00e9 du canal. Collection de l\u2019auteur. ART D\u00c9CO ?L\u2019h\u00f4tel Riez est un parfait exemple d\u2019Art D\u00e9co \u00e0 Bruxelles. Perp\u00e9tuant la veine d\u00e9corative de l\u2019Art nouveau, l\u2019Art [&hellip;]<\/p>\n","protected":false},"author":2,"featured_media":0,"parent":0,"menu_order":0,"comment_status":"closed","ping_status":"closed","template":"","meta":{"_et_pb_use_builder":"on","_et_pb_old_content":"","_et_gb_content_width":"","footnotes":""},"class_list":["post-386","page","type-page","status-publish","hentry"],"_links":{"self":[{"href":"https:\/\/hotelriez.be\/fr\/wp-json\/wp\/v2\/pages\/386","targetHints":{"allow":["GET"]}}],"collection":[{"href":"https:\/\/hotelriez.be\/fr\/wp-json\/wp\/v2\/pages"}],"about":[{"href":"https:\/\/hotelriez.be\/fr\/wp-json\/wp\/v2\/types\/page"}],"author":[{"embeddable":true,"href":"https:\/\/hotelriez.be\/fr\/wp-json\/wp\/v2\/users\/2"}],"replies":[{"embeddable":true,"href":"https:\/\/hotelriez.be\/fr\/wp-json\/wp\/v2\/comments?post=386"}],"version-history":[{"count":10,"href":"https:\/\/hotelriez.be\/fr\/wp-json\/wp\/v2\/pages\/386\/revisions"}],"predecessor-version":[{"id":738,"href":"https:\/\/hotelriez.be\/fr\/wp-json\/wp\/v2\/pages\/386\/revisions\/738"}],"wp:attachment":[{"href":"https:\/\/hotelriez.be\/fr\/wp-json\/wp\/v2\/media?parent=386"}],"curies":[{"name":"wp","href":"https:\/\/api.w.org\/{rel}","templated":true}]}}